{"id":92,"date":"2017-01-07T13:21:27","date_gmt":"2017-01-07T13:21:27","guid":{"rendered":"http:\/\/localhost\/kraft_wp\/?page_id=92"},"modified":"2023-02-09T14:56:59","modified_gmt":"2023-02-09T14:56:59","slug":"sobre-mi","status":"publish","type":"page","link":"https:\/\/www.mamenmoreu.com\/index.php\/sobre-mi\/","title":{"rendered":"Sobre m\u00ed"},"content":{"rendered":"<p>[vc_row][vc_column][\/vc_column][\/vc_row][vc_row][vc_column offset=\u00bbvc_col-md-6&#8243;][vc_single_image image=\u00bb7313&#8243; img_size=\u00bbfull\u00bb][vc_column_text font_weight=\u00bb100&#8243;]Retrato en la sesi\u00f3n de firmas en la Feria del libro de Madrid 2022.<\/p>\n<p>Cr\u00e9ditos de la fotograf\u00eda: <a href=\"https:\/\/isabelinfantes.com\/\">Isabel Infantes.<\/a>[\/vc_column_text][\/vc_column][vc_column css=\u00bb.vc_custom_1483798556799{margin-top: 35px !important;padding-right: 20px !important;padding-left: 20px !important;}\u00bb offset=\u00bbvc_col-md-6&#8243;][kraft_heading heading=\u00bb\u00a1Hola soy Mamen!\u00bb element_tag=\u00bbh2&#8243; font_size=\u00bbfont-size-24&#8243; font_weight=\u00bb500&#8243;][vc_column_text font_size=\u00bbpara-16&#8243; font_weight=\u00bb400&#8243; css=\u00bb.vc_custom_1675954456543{margin-bottom: 0px !important;}\u00bb]<\/p>\n<h4><span style=\"font-weight: 400;\">Nac\u00ed en Huesca 1985 y desde 2015 resido en Bilbao.<\/span><\/h4>\n<h4><span style=\"font-weight: 400;\">Soy dibujante de c\u00f3mics e historietista desde hace m\u00e1s de 10 a\u00f1os.<\/span><\/h4>\n<h4><span style=\"font-weight: 400;\">Mi estilo es divertido y muy colorido, me encanta la ilustraci\u00f3n infantil y el c\u00f3mic de humor, social y reivindicativo.<\/span><\/h4>\n<h4><span style=\"font-weight: 400;\">Estuve nominada a autor revelaci\u00f3n en el sal\u00f3n del c\u00f3mic de Barcelona 2015 por mi primera obra en solitario: \u201c<\/span><a href=\"https:\/\/www.mamenmoreu.com\/index.php\/publicaciones\/\"><span style=\"font-weight: 400;\">Resaca<\/span><\/a><span style=\"font-weight: 400;\">\u201d (Astiberri 2014).<\/span><\/h4>\n<h4><span style=\"font-weight: 400;\">Mi segunda obra en solitario se llama<\/span><a href=\"https:\/\/www.astiberri.com\/products\/desastre\"> <span style=\"font-weight: 400;\">\u00abDesastre\u00bb<\/span><\/a><span style=\"font-weight: 400;\"> (Astiberri 2018)<\/span><\/h4>\n<h4><span style=\"font-weight: 400;\">Dibujante en la revista <\/span><a href=\"http:\/\/www.eljueves.es\/\"><span style=\"font-weight: 400;\">El Jueves<\/span><\/a><span style=\"font-weight: 400;\"> desde 2009, desde 2016 hasta 2023 con una serie semanal, Dolores y Lolo (Los primeros tres a\u00f1os con guiones de Ivan Batty) Desde 2019 hasta 2023, dibujada y guionizada por mi. En febrero de 2023 la revista deja de ser semanal a ser mensual y varias series se cancelan, entre ellas las aventuras de Dolores y Lolo, despu\u00e9s de 7 a\u00f1os de entregas semanales.<\/span><\/h4>\n<h4><span style=\"font-weight: 400;\">En marzo de 2019 se publica el primer tomo recopilatorio de<\/span><a href=\"https:\/\/www.astiberri.com\/products\/dolores-y-lolo\"> <span style=\"font-weight: 400;\">\u00abDolores y Lolo\u00bb<\/span><\/a> <span style=\"font-weight: 400;\">(Astiberri), le siguen <\/span><i><span style=\"font-weight: 400;\">Dolores y Lolo \u00a1Viva la revoluci\u00f3n!<\/span><\/i><span style=\"font-weight: 400;\"> (Astiberri) en junio de 2020, <\/span><i><span style=\"font-weight: 400;\">Dolores y Lolo \u00a1La vida patas arriba!<\/span><\/i><span style=\"font-weight: 400;\"> (Astiberri) noviembre 2021, y en agosto de 2023 se publicar\u00e1 el cuarto y \u00faltimo recopilatorio de la serie, <\/span><i><span style=\"font-weight: 400;\">Dolores y Lolo \u00a1Fin de fiesta! <\/span><\/i><span style=\"font-weight: 400;\">(Astiberri).<\/span><\/h4>\n<h4><span style=\"font-weight: 400;\">Tambi\u00e9n colaboro ocasionalmente con Pikara y diario El Salto, la revista de c\u00f3mics juvenil en euskera Xabiroi, entre otras.<\/span><\/h4>\n<h4><span style=\"font-weight: 400;\">He realizado encargos de ilustraci\u00f3n para marcas como Estrella Galicia, Line, Gibson\u2026<\/span><\/h4>\n<h4><span style=\"font-weight: 400;\">Tambi\u00e9n hago ilustraciones para libros de texto, portadas, carteler\u00eda, ilustraciones para empresas, y todo lo que se pueda dibujar y encaje con mi estilo.<\/span><\/h4>\n<h4><span style=\"font-weight: 400;\">Adem\u00e1s de eso participo en gran cantidad de \u00e1lbumes, exposiciones colectivas y propias, y disfruto mucho impartiendo charlas y talleres de c\u00f3mic infantiles, juveniles y de adultos.<\/span><a href=\"https:\/\/lallamaschool.com\/curso-de-creacion-de-una-sitcom-en-comic-con-mamen-moreu\/\"> <span style=\"font-weight: 400;\">Incluso tengo un taller on line en La LLama School<\/span><\/a><span style=\"font-weight: 400;\">.<\/span><\/h4>\n<h4><span style=\"font-weight: 400;\">\u00a1Si tienes alg\u00fan encargo para mi no dudes en escribirme!<\/span><\/h4>\n<p>&nbsp;<\/p>\n<h4><span style=\"font-weight: 400;\">(Biograf\u00eda actualizada en febrero de 2023)<\/span><\/h4>\n<p>[\/vc_column_text][vc_empty_space height=\u00bb30px\u00bb][\/vc_column][\/vc_row]<\/p>\n","protected":false},"excerpt":{"rendered":"<p>[vc_row][vc_column][\/vc_column][\/vc_row][vc_row][vc_column offset=\u00bbvc_col-md-6&#8243;][vc_single_image image=\u00bb7313&#8243; img_size=\u00bbfull\u00bb][vc_column_text font_weight=\u00bb100&#8243;]Retrato en la sesi\u00f3n de firmas en la Feria del libro de Madrid 2022. Cr\u00e9ditos de la fotograf\u00eda: Isabel Infantes.[\/vc_column_text][\/vc_column][vc_column css=\u00bb.vc_custom_1483798556799{margin-top: 35px !important;padding-right: 20px !important;padding-left: 20px !important;}\u00bb offset=\u00bbvc_col-md-6&#8243;][kraft_heading heading=\u00bb\u00a1Hola soy Mamen!\u00bb element_tag=\u00bbh2&#8243; font_size=\u00bbfont-size-24&#8243; font_weight=\u00bb500&#8243;][vc_column_text font_size=\u00bbpara-16&#8243; font_weight=\u00bb400&#8243; css=\u00bb.vc_custom_1675954456543{margin-bottom: 0px !important;}\u00bb] Nac\u00ed en Huesca 1985 y desde 2015 resido en Bilbao. Soy dibujante [&hellip;]<\/p>\n","protected":false},"author":2,"featured_media":0,"parent":0,"menu_order":0,"comment_status":"closed","ping_status":"closed","template":"","meta":{"footnotes":""},"class_list":["post-92","page","type-page","status-publish","hentry"],"_links":{"self":[{"href":"https:\/\/www.mamenmoreu.com\/index.php\/wp-json\/wp\/v2\/pages\/92","targetHints":{"allow":["GET"]}}],"collection":[{"href":"https:\/\/www.mamenmoreu.com\/index.php\/wp-json\/wp\/v2\/pages"}],"about":[{"href":"https:\/\/www.mamenmoreu.com\/index.php\/wp-json\/wp\/v2\/types\/page"}],"author":[{"embeddable":true,"href":"https:\/\/www.mamenmoreu.com\/index.php\/wp-json\/wp\/v2\/users\/2"}],"replies":[{"embeddable":true,"href":"https:\/\/www.mamenmoreu.com\/index.php\/wp-json\/wp\/v2\/comments?post=92"}],"version-history":[{"count":19,"href":"https:\/\/www.mamenmoreu.com\/index.php\/wp-json\/wp\/v2\/pages\/92\/revisions"}],"predecessor-version":[{"id":7320,"href":"https:\/\/www.mamenmoreu.com\/index.php\/wp-json\/wp\/v2\/pages\/92\/revisions\/7320"}],"wp:attachment":[{"href":"https:\/\/www.mamenmoreu.com\/index.php\/wp-json\/wp\/v2\/media?parent=92"}],"curies":[{"name":"wp","href":"https:\/\/api.w.org\/{rel}","templated":true}]}}